{"id":324,"date":"2017-02-14T17:03:49","date_gmt":"2017-02-14T16:03:49","guid":{"rendered":"http:\/\/maudveith.com\/?page_id=324"},"modified":"2026-04-18T14:44:15","modified_gmt":"2026-04-18T12:44:15","slug":"a-propos","status":"publish","type":"page","link":"http:\/\/maudveith.com\/?page_id=324","title":{"rendered":"A propos"},"content":{"rendered":"\n<div class=\"wp-block-group has-small-font-size\"><div class=\"wp-block-group__inner-container is-layout-flow wp-block-group-is-layout-flow\">\n<p class=\"has-text-align-left has-small-font-size\">Maud Veith est n\u00e9e \u00e0 Paris en 1983. Form\u00e9e aux arts plastiques et \u00e0 la photographie \u00e0 l\u2019universit\u00e9 <em>Paris 8 <\/em>puis \u00e0 l\u2019\u00c9cole des Gobelins en traitement d\u2019image, son travail s\u2019attache particuli\u00e8rement aux figures f\u00e9minines dans des contextes de tension politique ou sociale.<\/p>\n\n\n\n<p class=\"has-text-align-left has-small-font-size\">En 2011, elle r\u00e9alise une premi\u00e8re s\u00e9rie photographique sur la r\u00e9sistance au quotidien de femmes palestiniennes. En choisissant de raconter un conflit \u00e0 travers celles qui en habitent l\u2019intimit\u00e9, elle affirme son processus de photographe et d\u00e9veloppe une \u00e9criture documentaire inscrite dans le tr\u00e8s long cours, portant sur des th\u00e9matiques soci\u00e9tales : les r\u00e9cits d\u2019exil, les fronti\u00e8res maritimes, l\u2019isolement, la folie&#8230;<\/p>\n\n\n\n<p class=\"has-text-align-left has-small-font-size\">En 2016, elle cofonde <em>FemmesPHOTOgraphes<\/em>, une revue semestrielle et ind\u00e9pendante promouvant le travail de femmes photographes souvent issues de minorit\u00e9s, aussi bien anonymes que reconnues. Membre de la direction \u00e9ditoriale jusqu\u2019\u00e0 la derni\u00e8re publication en novembre 2024, elle d\u00e9veloppe au sein de cette exp\u00e9rience collective une r\u00e9flexion critique sur les r\u00e9cits produits par l\u2019image et sur la place des femmes dans le champ photographique.<\/p>\n\n\n\n<p class=\"has-text-align-left has-small-font-size\">La formation de matelot qu\u2019elle a suivie en 2010 \u00e0 l\u2019\u00c9cole des P\u00eaches de l\u2019\u00eele d\u2019Yeu marque le d\u00e9but d\u2019un engagement durable : la mer devient un fil rouge dans son travail et l\u2019exp\u00e9rience physique du milieu maritime nourrit sa recherche. Un premier s\u00e9jour long sur le bateau d&rsquo;exp\u00e9dition scientifique <em>Tara <\/em>lui permet d\u2019exp\u00e9rimenter la vie \u00e0 bord et son huis-clos.<\/p>\n\n\n\n<p class=\"has-text-align-left has-small-font-size\">En 2017, Maud Veith embarque \u00e0 deux reprises sur l\u2019Aquarius, le bateau de sauvetage de l\u2019ONG <em>SOS M\u00c9DITERRAN\u00c9E<\/em>. Face \u00e0 l\u2019humain dans sa plus grande d\u00e9tresse et r\u00e9silience, sa place en tant que photographe prend v\u00e9ritablement corps. De ces embarquements na\u00eet une exposition t\u00e9moin : <em>Ils arrivent pieds nus par la mer<\/em>, pr\u00e9sent\u00e9e r\u00e9guli\u00e8rement pendant quatre ans.<\/p>\n\n\n\n<p class=\"has-small-font-size\"><\/p>\n\n\n\n<p class=\"has-text-align-center\" style=\"font-size:19px\"><strong>CONTACT<\/strong><\/p>\n\n\n\n<p class=\"has-text-align-center has-small-font-size\"> +33(0)6.67.71.72.17 <\/p>\n\n\n\n<p class=\"has-text-align-center has-small-font-size\"><strong>maudiveith@gmail.com<\/strong><\/p>\n\n\n\n<p><\/p>\n\n\n\n<p><\/p>\n\n\n\n<iframe loading=\"lazy\" width=\"100%\" height=\"166\" scrolling=\"no\" frameborder=\"no\" allow=\"autoplay\" src=\"https:\/\/w.soundcloud.com\/player\/?url=https%3A\/\/api.soundcloud.com\/tracks\/839228308&amp;color=%23b1e0d6&amp;auto_play=false&amp;hide_related=false&amp;show_comments=true&amp;show_user=true&amp;show_reposts=false&amp;show_teaser=true\"><\/iframe><div style=\"font-size: 10px; color: #cccccc;line-break: anywhere;word-break: normal;overflow: hidden;white-space: nowrap;text-overflow: ellipsis; font-family: Interstate,Lucida Grande,Lucida Sans Unicode,Lucida Sans,Garuda,Verdana,Tahoma,sans-serif;font-weight: 100;\"><a href=\"https:\/\/soundcloud.com\/antoine-clement-535256513\" title=\"Women of the Seas\" target=\"_blank\" style=\"color: #cccccc; text-decoration: none;\" rel=\"noopener noreferrer\">Women of the Seas<\/a> \u00b7 <a href=\"https:\/\/soundcloud.com\/antoine-clement-535256513\/episode-01-ils-arrivent-pieds\" title=\"Episode 01 : &quot;Ils arrivent pieds nus par la mer&quot;\" target=\"_blank\" style=\"color: #cccccc; text-decoration: none;\" rel=\"noopener noreferrer\">Episode 01 : \u00ab\u00a0Ils arrivent pieds nus par la mer\u00a0\u00bb<\/a><\/div>\n\n\n\n<div class=\"wp-block-columns is-layout-flex wp-container-core-columns-is-layout-9d6595d7 wp-block-columns-is-layout-flex\">\n<div class=\"wp-block-column is-layout-flow wp-block-column-is-layout-flow\" style=\"flex-basis:100%\">\n<p class=\"has-large-font-size\"><strong>BOURSES ET DISTINCTIONS<\/strong><\/p>\n\n\n\n<div class=\"wp-block-group\"><div class=\"wp-block-group__inner-container is-layout-constrained wp-block-group-is-layout-constrained\">\n<p><strong>2024 <\/strong>Aide \u00e0 l\u2019Installation d\u2019Atelier pour un laboratoire photo, la <strong>DRAC Bretagne<\/strong><\/p>\n\n\n\n<p><strong>2023 <\/strong>Acquisitions de deux tirages de photographies r\u00e9alis\u00e9es \u00e0 bord de l\u2019Aquarius par la <strong>Cit\u00e9 de l\u2019Immigration<\/strong><\/p>\n\n\n\n<p><strong>2020<\/strong> Acquisitions de trois tirages de photographies r\u00e9alis\u00e9es \u00e0 bord de l\u2019Aquarius par l\u2019<strong>Imperial War Museum de Londres<\/strong><\/p>\n\n\n\n<p><strong>2019 <\/strong>Acquisitions de trois tirages de photographies r\u00e9alis\u00e9es \u00e0 bord de l\u2019Aquarius par le <strong>mus\u00e9e maritime de Bordeaux<\/strong><\/p>\n<\/div><\/div>\n\n\n\n<p style=\"font-size:19px\"><strong>EXPOSITIONS PERSONNELLES<\/strong><\/p>\n\n\n\n<p class=\"has-small-font-size\"><strong>2021<\/strong> Maison du citoyen et des associations, <em>Ils arrivent pieds nus par la mer<\/em>, Fontenay-sous-Bois<\/p>\n\n\n\n<p class=\"has-small-font-size\"><strong>2021<\/strong> Maison des \u00c9tudiants, <em>Ils arrivent pieds nus par la mer<\/em>, Poitiers<\/p>\n\n\n\n<p class=\"has-small-font-size\"><strong>2020<\/strong> Festival Les aventuriers de la mer, <em>Ils arrivent pieds nus par la mer<\/em>, Lorient<\/p>\n\n\n\n<p class=\"has-small-font-size\"><strong>2019<\/strong> Festival \u00c9tonnants Voyageurs, <em>Ils arrivent pieds nus par la mer<\/em>, St Malo<\/p>\n\n\n\n<p class=\"has-small-font-size\"><strong>2019<\/strong> M\u00e9diath\u00e8que de Locmariaquer, <em>Ils arrivent pieds nus par la mer<\/em>, Locmariquer<\/p>\n\n\n\n<p class=\"has-small-font-size\"><strong>2019<\/strong> M\u00e9diath\u00e8que de S\u00e9n\u00e9, I<em>ls arrivent pieds nus par la mer<\/em>, S\u00e9n\u00e9<\/p>\n\n\n\n<p class=\"has-small-font-size\"><strong>2019<\/strong> Mairie du Xe arrondissement de Paris, <em>Ils arrivent pieds nus par la mer<\/em> , Paris<\/p>\n\n\n\n<p class=\"has-small-font-size\"><strong>2018<\/strong> MDA de Rennes, <em>Ils arrivent pieds nus par la mer<\/em> , Rennes<\/p>\n\n\n\n<p class=\"has-small-font-size\"><strong>2018<\/strong> Festival du Film Insulaire, <em>Ils arrivent pieds nus par la mer<\/em>, Ile de Groix<\/p>\n\n\n\n<p class=\"has-small-font-size\"><strong>2017<\/strong> Maison des M\u00e9tallos, <em>Le Studio Photo Ambulant<\/em>, Paris<\/p>\n\n\n\n<p class=\"has-small-font-size\"><strong>2015<\/strong> Village de cirque, <em>Lima la grise, Paris<\/em><\/p>\n<\/div>\n<\/div>\n\n\n\n<p style=\"font-size:19px\"><strong>EXPOSITIONS COLLECTIVES <\/strong><\/p>\n\n\n\n<p><strong>2025<\/strong> Festival ISO, Vand\u00e9mien,<em> Ces gamins-l\u00e0<\/em><\/p>\n\n\n\n<p class=\"has-small-font-size\"><strong>2023<\/strong>  Galerie Agn\u00e8s b,<em> Instantan\u00e9s d&rsquo;\u00e9quipage<\/em>, r\u00e9cits d&#8217;embarquements \u00e0 bord de Tara \u00e9xp\u00e9dition<\/p>\n\n\n\n<p class=\"has-small-font-size\"><strong>2022<\/strong> Saint-Agr\u00e8ve, \u00c9claireu<em>ses d&rsquo;humanit\u00e9<\/em>, Visages et parcours de femmes en M\u00e9diterran\u00e9e par SOS MEDITERRAN\u00c9E <\/p>\n\n\n\n<p class=\"has-small-font-size\"><strong>2021 <\/strong> Festival de Etel, <em>lls arrivent pieds nus par la mer<\/em> <\/p>\n\n\n\n<p class=\"has-small-font-size\"><strong>2020<\/strong>  Galerie municipale de Vitry, <em>R\u00e9sistantes du quotidien<\/em> <\/p>\n\n\n\n<p class=\"has-small-font-size\"><strong>2019-2020 <\/strong> Festival Avignon et autres, Exposition itin\u00e9rante de l\u2019association SOS  MEDITERRAN\u00c9E  \u00ab\u00a0SAUVER, PROT\u00c9GER, T\u00c9MOIGNER\u00a0\u00bb  <\/p>\n\n\n\n<p class=\"has-small-font-size\"><strong>2019<\/strong>  Festival l&rsquo;Homme et la Mer, Le Guilvinec <\/p>\n\n\n\n<p class=\"has-small-font-size\"><strong>2019<\/strong>  La Mer XXL, Nantes <\/p>\n\n\n\n<p class=\"has-small-font-size\"><strong>2019<\/strong>  De la Revue d&rsquo;Images aux Images de la Revue, Paris <\/p>\n\n\n\n<p class=\"has-small-font-size\"><strong>2017<\/strong>  Galerie Oeil du Huit, Autour de la Revue FemmesPHOTOgraphes \/num\u00e9ro 1, Paris <\/p>\n\n\n\n<p class=\"has-small-font-size\"><strong>2016<\/strong>  Anis Gras, Arcueil, Lancement de l&rsquo;Association FemmesPHOTOgraphes en grands formats <\/p>\n\n\n\n<p class=\"has-small-font-size\"><strong>2013 <\/strong> Galerie municipale de Vitry, <em>R\u00e9sistantes du quotidien<\/em> <\/p>\n\n\n\n<p style=\"font-size:19px\"><strong>INTERVENTIONS\/TABLES RONDES <\/strong> <\/p>\n\n\n\n<p><strong>2025<\/strong> Grand Palais, Paris, CHANGE NOW, \u00ab\u00a0De l&rsquo;\u00e9merveillement \u00e0 l&rsquo;urgence, ils racontent la mer en images \u00ab\u00a0<\/p>\n\n\n\n<p class=\"has-small-font-size\"><strong>2024<\/strong>  Mucem, Marseille, \u00ab\u00a0Comment agir pour la plan\u00e8te?\u00a0\u00bb, orgnanis\u00e9 par la fondation Tara Oc\u00e9an<\/p>\n\n\n\n<p class=\"has-small-font-size\"><strong>2021<\/strong>  Universit\u00e9 de Poitiers<strong>, <\/strong>laboratoire de recherche sur les migrations, \u00ab\u00a0comment repr\u00e9senter les migrations ?\u00a0\u00bb <\/p>\n\n\n\n<p class=\"has-small-font-size\"><strong>2019<\/strong>   Festival Etonnants Voyageurs, St Malo, \u00ab SOS  MEDITERRAN\u00c9E  \u00bb <\/p>\n\n\n\n<p class=\"has-small-font-size\"><strong>2019<\/strong>   Festival d&rsquo;Avignon, organis\u00e9e par Amnesty International, \u00abun temps pour changer de regard\u00bb <\/p>\n\n\n\n<p class=\"has-small-font-size\"><strong>2019<\/strong>   Festival l&rsquo;Homme et la Mer, Le Guilvinec, autour de mon exp\u00e9rience \u00e0 bord de l&rsquo;Aquarius  <\/p>\n\n\n\n<p class=\"has-small-font-size\"><strong>2019<\/strong>   M\u00e9diath\u00e8que de S\u00e9n\u00e9, autour de mon exp\u00e9rience \u00e0 bord de l&rsquo;Aquarius <\/p>\n\n\n\n<p class=\"has-small-font-size\"><strong>2018<\/strong>   Universit\u00e9 Paris 8 (m\u00e9dias Internationaux), autour de mon exp\u00e9rience \u00e0 bord de l&rsquo;Aquarius  <\/p>\n\n\n\n<p class=\"has-small-font-size\"><strong>2018<\/strong>   Mus\u00e9e national de l&rsquo;immigration, Paris : \u00ab Migrations en M\u00e9diterran\u00e9e; le naufrage de la solidarit\u00e9 ? \u00bb  <\/p>\n\n\n\n<p class=\"has-small-font-size\"><strong>2018<\/strong>   M\u00e9diath\u00e8ques S\u00e9n\u00e9 et Locmariaquer accueillant mon exposition, autour de mon exp\u00e9rience \u00e0 bord de l&rsquo;Aquarius  <\/p>\n\n\n\n<p style=\"font-size:19px\"><strong>ATELIERS PHOTOGRAPHIQUES <\/strong><\/p>\n\n\n\n<p><strong>2026 Association Les Moyens du Bord<\/strong><\/p>\n\n\n\n<p>Formations de 5 s\u00e9ances au laboratoire argentique<\/p>\n\n\n\n<p><strong>2024 Association Les Moyens du Bord<\/strong><\/p>\n\n\n\n<p>Prises des vue \u00e0 l&rsquo;aide de st\u00e9nop\u00e9s et d\u00e9veloppement en laboratoire argentique<\/p>\n\n\n\n<p style=\"font-size:13px\"><strong>2023 Association les Martmites<\/strong><\/p>\n\n\n\n<p style=\"font-size:11px\">Prise de vue et travail de cartographie in situ dans un Foyer d&rsquo;Accueil m\u00e9dicalis\u00e9, M\u00e2nes<\/p>\n\n\n\n<p style=\"font-size:13px\"><strong>2021 Association les Poussi\u00e8res<\/strong> <\/p>\n\n\n\n<p style=\"font-size:11px\"> Fabrication d&rsquo;un studio photo collectif, prise de vue et fabrication d&rsquo;un cadre pop-up  <\/p>\n\n\n\n<p style=\"font-size:13px\"><strong>2017-2018 RMN-Grand Palais<\/strong><\/p>\n\n\n\n<p style=\"font-size:11px\">Mis en place du Studio Photo Ambulant dans quinze structures associatives de la ville de Gonesse avec Thomas Audissergues. Restitution finale au Grand Palais <\/p>\n\n\n\n<p style=\"font-size:13px\"><strong>2017 Compagnie Ocus <\/strong> <\/p>\n\n\n\n<p style=\"font-size:11px\">Semaine de r\u00e9sidence avec la compagnie Ocus et le Studio Photo Ambulant pour le projet \u00abchapiteau Volant\u00bb, Cond\u00e9 sur l&rsquo;Escault <\/p>\n\n\n\n<p style=\"font-size:13px\"><strong>2016-2017<\/strong> <strong>Association Citoyennet\u00e9 Jeunesse<\/strong>  <\/p>\n\n\n\n<p style=\"font-size:11px\">Coll\u00e8ge \u00e0 Pierrefite: travail sur le portrait et auto-portrait en studio  <\/p>\n\n\n\n<p style=\"font-size:11px\">Coll\u00e8ge \u00e0 Gonesse: travail sur le portrait et auto-portrait en laboratoire  <\/p>\n\n\n\n<p style=\"font-size:13px\"><strong>2017 Association FemmesPHOTOgraphes<\/strong> <\/p>\n\n\n\n<p style=\"font-size:11px\"> \u00abLire une image, construire son image\u00bb aupr\u00e8s d&rsquo;un centre de loisir, atelier d&rsquo;analyse et fabrication d&rsquo;images<\/p>\n\n\n\n<p style=\"font-size:13px\"><strong>2012-2014 Association J&rsquo;imaginerais<\/strong> <\/p>\n\n\n\n<p style=\"font-size:11px\"> Mise en place d&rsquo;un laboratoire argentique aupr\u00e8s de jeunes autistes et psychotiques. Ateliers men\u00e9s sur deux ans, avec une session de six mois autour du \u00ablight peinting\u00bb (r\u00e9alis\u00e9 en num\u00e9rique)<\/p>\n\n\n\n<p style=\"font-size:13px\"><strong>2009-2011<\/strong> <strong>Association Autre Monde<\/strong>  <\/p>\n\n\n\n<p style=\"font-size:11px\">Mise en place d&rsquo;un laboratoire argentique \u00abDe la prise de vue au tirage d&rsquo;exposition\u00bb men\u00e9s sur deux ans aupr\u00e8s de SDF <\/p>\n\n\n\n<p style=\"font-size:13px\"><strong>2011 Maison des M\u00e9tallos<\/strong> <\/p>\n\n\n\n<p style=\"font-size:11px\"> Mise en place de six s\u00e9ances de Studio Photo Ambulant dans diff\u00e9rentes structures partenaires de la Maison des M\u00e9tallos, Paris<\/p>\n<\/div><\/div>\n\n\n\n<p><\/p>\n","protected":false},"excerpt":{"rendered":"<p>Maud Veith est n\u00e9e \u00e0 Paris en 1983. Form\u00e9e aux arts plastiques et \u00e0 la photographie \u00e0 l\u2019universit\u00e9 Paris 8 puis \u00e0 l\u2019\u00c9cole des Gobelins&#8230;<\/p>\n<div class=\"more-link-wrapper\"><a class=\"more-link\" href=\"http:\/\/maudveith.com\/?page_id=324\">Continue Reading<span class=\"screen-reader-text\">A propos<\/span><\/a><\/div>\n","protected":false},"author":1,"featured_media":0,"parent":0,"menu_order":0,"comment_status":"closed","ping_status":"closed","template":"","meta":{"footnotes":""},"class_list":["post-324","page","type-page","status-publish","hentry","entry"],"_links":{"self":[{"href":"http:\/\/maudveith.com\/index.php?rest_route=\/wp\/v2\/pages\/324","targetHints":{"allow":["GET"]}}],"collection":[{"href":"http:\/\/maudveith.com\/index.php?rest_route=\/wp\/v2\/pages"}],"about":[{"href":"http:\/\/maudveith.com\/index.php?rest_route=\/wp\/v2\/types\/page"}],"author":[{"embeddable":true,"href":"http:\/\/maudveith.com\/index.php?rest_route=\/wp\/v2\/users\/1"}],"replies":[{"embeddable":true,"href":"http:\/\/maudveith.com\/index.php?rest_route=%2Fwp%2Fv2%2Fcomments&post=324"}],"version-history":[{"count":162,"href":"http:\/\/maudveith.com\/index.php?rest_route=\/wp\/v2\/pages\/324\/revisions"}],"predecessor-version":[{"id":3199,"href":"http:\/\/maudveith.com\/index.php?rest_route=\/wp\/v2\/pages\/324\/revisions\/3199"}],"wp:attachment":[{"href":"http:\/\/maudveith.com\/index.php?rest_route=%2Fwp%2Fv2%2Fmedia&parent=324"}],"curies":[{"name":"wp","href":"https:\/\/api.w.org\/{rel}","templated":true}]}}